{"id":13946,"date":"2025-02-05T12:53:57","date_gmt":"2025-02-05T11:53:57","guid":{"rendered":"https:\/\/www.cfmotoschweiz.ch\/800-mt-x-haute\/"},"modified":"2025-07-29T16:43:41","modified_gmt":"2025-07-29T14:43:41","slug":"800-mt-x-haute","status":"publish","type":"page","link":"https:\/\/www.cfmotoschweiz.ch\/fr\/800-mt-x-haute\/","title":{"rendered":"800 MT-X (Haute)"},"content":{"rendered":"<div class=\"wpb-content-wrapper\"><p>[vc_row disable_element=&#8221;yes&#8221; disable_background_image=&#8221;&#8221; css=&#8221;.vc_custom_1568635243344{padding-right: 0px !important;padding-bottom: 124px !important;padding-left: 0px !important;}&#8221;][vc_column width=&#8221;1\/3&#8243; css=&#8221;.vc_custom_1568618862932{padding-right: 0px !important;padding-left: 0px !important;}&#8221;]<div class=\"mkdf-banner-holder  mkdf-banner-has-image mkdf-visible-on-default mkdf-banner-info-default\" >\n\t\t    <div class=\"mkdf-banner-image\">\n\t        \t    <\/div>\n\t\t\t\t<div class=\"mkdf-banner-foreground-image\">\n\t\t\t\t\t<\/div>\n\t    <div class=\"mkdf-banner-text-holder\" >\n\t    <div class=\"mkdf-banner-text-outer\">\n\t\t    <div class=\"mkdf-banner-text-inner\">\n\t\t        \t\t            <span class=\"mkdf-banner-subtitle\">\n\t\t\t            Racing Boots\t\t            <\/span>\n\t\t        \t\t        \t\t            <h4 class=\"mkdf-banner-title\" >\n\t\t                Bottes X-Fourteent\t                <\/h4>\n\t\t        \t\t\t    \t\t\t\t\t\t\t<\/div>\n\t\t<\/div>\n\t<\/div>\n\t        <a itemprop=\"url\" class=\"mkdf-banner-link\" href=\"https:\/\/grandprix.qodeinteractive.com\/product\/m2-helmet\/\" target=\"_self\"><\/a>\n    <\/div>[\/vc_column][vc_column width=&#8221;1\/3&#8243; css=&#8221;.vc_custom_1568635602433{padding-right: 0px !important;padding-left: 0px !important;}&#8221;]<div class=\"mkdf-banner-holder  mkdf-banner-has-image mkdf-visible-on-default mkdf-banner-info-default\" >\n\t\t    <div class=\"mkdf-banner-image\">\n\t        \t    <\/div>\n\t\t\t\t<div class=\"mkdf-banner-foreground-image\">\n\t\t\t\t\t<\/div>\n\t    <div class=\"mkdf-banner-text-holder\" >\n\t    <div class=\"mkdf-banner-text-outer\">\n\t\t    <div class=\"mkdf-banner-text-inner\">\n\t\t        \t\t            <span class=\"mkdf-banner-subtitle\">\n\t\t\t            premium helmets\t\t            <\/span>\n\t\t        \t\t        \t\t            <h4 class=\"mkdf-banner-title\" >\n\t\t                Casques RJ Platinum-R\t                <\/h4>\n\t\t        \t\t\t    \t\t\t\t\t\t\t<\/div>\n\t\t<\/div>\n\t<\/div>\n\t        <a itemprop=\"url\" class=\"mkdf-banner-link\" href=\"https:\/\/grandprix.qodeinteractive.com\/product\/m-boots\/\" target=\"_self\"><\/a>\n    <\/div>[\/vc_column][vc_column width=&#8221;1\/3&#8243; css=&#8221;.vc_custom_1568618881656{padding-right: 0px !important;padding-left: 0px !important;}&#8221;]<div class=\"mkdf-banner-holder  mkdf-banner-has-image mkdf-visible-on-default mkdf-banner-info-default\" >\n\t\t    <div class=\"mkdf-banner-image\">\n\t        \t    <\/div>\n\t\t\t\t<div class=\"mkdf-banner-foreground-image\">\n\t\t\t\t\t<\/div>\n\t    <div class=\"mkdf-banner-text-holder\" >\n\t    <div class=\"mkdf-banner-text-outer\">\n\t\t    <div class=\"mkdf-banner-text-inner\">\n\t\t        \t\t            <span class=\"mkdf-banner-subtitle\">\n\t\t\t            racing gloves\t\t            <\/span>\n\t\t        \t\t        \t\t            <h4 class=\"mkdf-banner-title\" >\n\t\t                Gants de course NEOTEC II\t                <\/h4>\n\t\t        \t\t\t    \t\t\t\t\t\t\t<\/div>\n\t\t<\/div>\n\t<\/div>\n\t        <a itemprop=\"url\" class=\"mkdf-banner-link\" href=\"https:\/\/grandprix.qodeinteractive.com\/product\/m-gloves\/\" target=\"_self\"><\/a>\n    <\/div>[\/vc_column][\/vc_row][vc_row row_content_width=&#8221;grid&#8221; disable_background_image=&#8221;&#8221;][vc_column][vc_empty_space height=&#8221;70px&#8221;]<div class=\"mkdf-section-title-holder  mkdf-st-split  mkdf-has-appear-animation\" style=\"padding: 0 10%\">\n\t<div class=\"mkdf-st-inner\">\n\t\t\t<span class=\"mkdf-st-tagline\" style=\"color: #499baf\">\n\t\t\tLES MOD\u00c8LES\t\t<\/span>\n\t\t\t\t\t\t<h2 class=\"mkdf-st-title\" style=\"color: #434545\">\n\t\t\t\t\t\t\t\t\t<span class=\"mkdf-sts-title-text\">L'AVENTURE EST<br \/> SON TERRAIN<\/span>\n\t\t\t\t\t<span class=\"mkdf-sts-separator\" ><\/span>\n\t\t\t\t\t\t\t<\/h2>\n\t\t\t\t\t\t\t<\/div>\n<\/div>[vc_empty_space height=&#8221;20px&#8221;][\/vc_column][\/vc_row][vc_row row_content_width=&#8221;grid&#8221; disable_background_image=&#8221;&#8221; css=&#8221;.vc_custom_1615987371481{padding-bottom: 64px !important;}&#8221;][vc_column]<div class=\"mkdf-elements-holder   mkdf-two-columns  mkdf-responsive-mode-768 \" ><div class=\"mkdf-eh-item   mkdf-horizontal-alignment-center \"  data-item-class=\"mkdf-eh-custom-5650\">\n\t<div class=\"mkdf-eh-item-inner\">\n\t\t<div class=\"mkdf-eh-item-content mkdf-eh-custom-5650\" >\n\t\t\t\t\t<\/div>\n\t<\/div>\n<\/div><div class=\"mkdf-eh-item   mkdf-horizontal-alignment-center \"  data-item-class=\"mkdf-eh-custom-9413\">\n\t<div class=\"mkdf-eh-item-inner\">\n\t\t<div class=\"mkdf-eh-item-content mkdf-eh-custom-9413\" >\n\t\t\t[vc_single_image image=&#8221;6301&#8243; img_size=&#8221;medium&#8221; alignment=&#8221;center&#8221; onclick=&#8221;custom_link&#8221; link=&#8221;https:\/\/www.cfmotoschweiz.ch\/800mt-x-sella-bassa\/&#8221; el_class=&#8221;img-opacity&#8221;][vc_custom_heading text=&#8221;Faible &#8211; 830&#8243; font_container=&#8221;tag:h3|text_align:center|color:%234b4b4a&#8221; google_fonts=&#8221;font_family:Roboto%20Condensed%3A300%2C300italic%2Cregular%2Citalic%2C700%2C700italic|font_style:700%20bold%20regular%3A700%3Anormal&#8221; link=&#8221;url:https%3A%2F%2Fwww.cfmotoschweiz.ch%2F800mt-x-sella-bassa%2F|title:800MT|&#8221;]\t\t<\/div>\n\t<\/div>\n<\/div><div class=\"mkdf-eh-item   mkdf-horizontal-alignment-center \"  data-item-class=\"mkdf-eh-custom-1719\">\n\t<div class=\"mkdf-eh-item-inner\">\n\t\t<div class=\"mkdf-eh-item-content mkdf-eh-custom-1719\" >\n\t\t\t[vc_single_image image=&#8221;8083&#8243; img_size=&#8221;medium&#8221; alignment=&#8221;center&#8221; onclick=&#8221;custom_link&#8221; css=&#8221;&#8221; link=&#8221;https:\/\/www.cfmotoschweiz.ch\/800-mt-x-alta\/&#8221;][vc_custom_heading text=&#8221;haute &#8211; 870&#8243; font_container=&#8221;tag:h3|text_align:center|color:%234b4b4a&#8221; google_fonts=&#8221;font_family:Roboto%20Condensed%3A300%2C300italic%2Cregular%2Citalic%2C700%2C700italic|font_style:700%20bold%20regular%3A700%3Anormal&#8221; css=&#8221;&#8221; link=&#8221;url:https%3A%2F%2Fwww.cfmotoschweiz.ch%2F800mt-x-sella-alta|title:800MT|&#8221;]\t\t<\/div>\n\t<\/div>\n<\/div><div class=\"mkdf-eh-item   mkdf-horizontal-alignment-center \"  data-item-class=\"mkdf-eh-custom-2328\">\n\t<div class=\"mkdf-eh-item-inner\">\n\t\t<div class=\"mkdf-eh-item-content mkdf-eh-custom-2328\" >\n\t\t\t\t\t<\/div>\n\t<\/div>\n<\/div><\/div>[\/vc_column][\/vc_row][vc_row content_placement=&#8221;middle&#8221; row_content_width=&#8221;grid&#8221; disable_background_image=&#8221;1024&#8243; simple_background_image=&#8221;2721&#8243; simple_background_color=&#8221;#000000&#8243; background_image_position=&#8221;center center&#8221;][vc_column]<div class=\"mkdf-elements-holder   mkdf-two-columns  mkdf-responsive-mode-768 \" ><div class=\"mkdf-eh-item    \"  data-item-class=\"mkdf-eh-custom-2423\">\n\t<div class=\"mkdf-eh-item-inner\">\n\t\t<div class=\"mkdf-eh-item-content mkdf-eh-custom-2423\" style=\"padding: 30px 0px 30px 0px\">\n\t\t\t<div class=\"mkdf-section-title-holder    mkdf-has-appear-animation\" >\n\t<div class=\"mkdf-st-inner\">\n\t\t\t<span class=\"mkdf-st-tagline\" style=\"color: #499baf\">\n\t\t\t800MT-X\t\t<\/span>\n\t\t\t\t\t\t<h2 class=\"mkdf-st-title\" style=\"color: #ffffff\">\n\t\t\t\t\t\t\t\t\tDES AVENTURES SUR<br \/> TOUS LES TERRAINS\t\t\t\t\t\t\t<\/h2>\n\t\t\t\t\t\t\t<\/div>\n<\/div>[vc_empty_space][vc_column_text css=&#8221;&#8221;]<\/p>\n<p style=\"color: white;\">800MT-X disponible en Zephyr Blue.<\/p>\n<p style=\"color: white; font-size: 18pt;\"><strong>Prix catalogue CHF 8.990,00 TVA incluse, d\u00e9part concessionnaire*. <\/strong><\/p>\n<p style=\"color: white; font-size: 12px;\">*Liste de prix concessionnaire, sans immatriculation et taxes routi\u00e8res CHF 310,00. CFMOTO se r\u00e9serve le droit d&#8217;apporter des modifications techniques, esth\u00e9tiques ou autres sans pr\u00e9avis.<\/p>\n<p style=\"color: white; font-size: 12px;\">Set de sacs disponible comme accessoire d&#8217;origine<\/p>\n<p>[\/vc_column_text][vc_empty_space]\t\t<\/div>\n\t<\/div>\n<\/div><div class=\"mkdf-eh-item    \"  data-item-class=\"mkdf-eh-custom-7010\">\n\t<div class=\"mkdf-eh-item-inner\">\n\t\t<div class=\"mkdf-eh-item-content mkdf-eh-custom-7010\" >\n\t\t\t[vc_single_image image=&#8221;8106&#8243; img_size=&#8221;full&#8221; alignment=&#8221;center&#8221; css=&#8221;&#8221;]\t\t<\/div>\n\t<\/div>\n<\/div><\/div>[\/vc_column][\/vc_row][vc_row content_placement=&#8221;middle&#8221; row_content_width=&#8221;grid&#8221; disable_background_image=&#8221;1024&#8243;][vc_column]<div class=\"mkdf-elements-holder   mkdf-two-columns  mkdf-responsive-mode-768 \" ><div class=\"mkdf-eh-item    \"  data-item-class=\"mkdf-eh-custom-4900\">\n\t<div class=\"mkdf-eh-item-inner\">\n\t\t<div class=\"mkdf-eh-item-content mkdf-eh-custom-4900\" style=\"padding: 30px 0px 30px 0px\">\n\t\t\t<div class=\"mkdf-section-title-holder    mkdf-has-appear-animation\" style=\"text-align: center\">\n\t<div class=\"mkdf-st-inner\">\n\t\t\t<span class=\"mkdf-st-tagline\" style=\"color: #499baf\">\n\t\t\t800 MT-X (haut)\t\t<\/span>\n\t\t\t\t\t\t<h2 class=\"mkdf-st-title\" style=\"color: #000000\">\n\t\t\t\t\t\t\t\t\tChoisissez la couleur<br \/>\t\t\t\t\t\t\t<\/h2>\n\t\t\t\t\t\t\t<\/div>\n<\/div>\t\t<\/div>\n\t<\/div>\n<\/div><\/div><div class=\"mkdf-elements-holder   mkdf-two-columns  mkdf-responsive-mode-768 \" ><div class=\"mkdf-eh-item    \"  data-item-class=\"mkdf-eh-custom-7196\">\n\t<div class=\"mkdf-eh-item-inner\">\n\t\t<div class=\"mkdf-eh-item-content mkdf-eh-custom-7196\" style=\"padding: 30px 0px 30px 0px\">\n\t\t\t[vc_single_image image=&#8221;8108&#8243; img_size=&#8221;large&#8221; alignment=&#8221;center&#8221; css=&#8221;&#8221;][vc_custom_heading text=&#8221;Zephyr Blue&#8221; font_container=&#8221;tag:h4|text_align:center|color:%23000000&#8243; google_fonts=&#8221;font_family:Roboto%20Condensed%3A300%2C300italic%2Cregular%2Citalic%2C700%2C700italic|font_style:400%20regular%3A400%3Anormal&#8221; css=&#8221;&#8221;]\t\t<\/div>\n\t<\/div>\n<\/div><\/div>[\/vc_column][\/vc_row][vc_row full_height=&#8221;yes&#8221; disable_background_image=&#8221;&#8221; el_class=&#8221;mkdf-cc-bs-nav&#8221; simple_background_color=&#8221;#292c2d&#8221;][vc_column][vc_row_inner row_content_width=&#8221;grid&#8221;][vc_column_inner]<div class=\"mkdf-elements-holder   mkdf-one-column  mkdf-responsive-mode-768 \" ><div class=\"mkdf-eh-item    \"  data-item-class=\"mkdf-eh-custom-1481\" data-680=\"20px 0px 20px 0px\">\n\t<div class=\"mkdf-eh-item-inner\">\n\t\t<div class=\"mkdf-eh-item-content mkdf-eh-custom-1481\" style=\"padding: 70px 0px 70px 0px\">\n\t\t\t<div class=\"mkdf-section-title-holder  mkdf-st-split  mkdf-has-appear-animation\" style=\"padding: 0 30px 0px 0px 0px\">\n\t<div class=\"mkdf-st-inner\">\n\t\t\t<span class=\"mkdf-st-tagline\" style=\"color: #499baf\">\n\t\t\tdans la rue\t\t<\/span>\n\t\t\t\t\t\t<h2 class=\"mkdf-st-title\" style=\"color: #ffffff\">\n\t\t\t\t\t\t\t\t\t<span class=\"mkdf-sts-title-text\">CHAQUE CHEMIN PARCOURU<br \/> EST UNE \u00c9MOTION<\/span>\n\t\t\t\t\t<span class=\"mkdf-sts-separator\" ><\/span>\n\t\t\t\t\t\t\t<\/h2>\n\t\t\t\t\t\t\t<\/div>\n<\/div>\t\t<\/div>\n\t<\/div>\n<\/div><\/div>[\/vc_column_inner][\/vc_row_inner][vc_row_inner][vc_column_inner]<div class=\"mkdf-elements-holder   mkdf-one-column  mkdf-responsive-mode-768 \" ><div class=\"mkdf-eh-item slider-dettagli   \"  data-item-class=\"mkdf-eh-custom-2538\" data-1400-1600=\"0% 0px 100px 0px\" data-1025-1399=\"0px 0px 100px 0px\" data-769-1024=\"0px 0px 100px 0px\" data-681-768=\"0px 0px 200px 0px\" data-680=\"0px 0px 200px 0px\">\n\t<div class=\"mkdf-eh-item-inner\">\n\t\t<div class=\"mkdf-eh-item-content mkdf-eh-custom-2538\" style=\"padding: 0px 30px 200px 30px\">\n\t\t\t\n\t\t\t<!-- START 800MTX ESTERNE1 REVOLUTION SLIDER 6.7.23 --><p class=\"rs-p-wp-fix\"><\/p>\n\t\t\t<rs-module-wrap id=\"rev_slider_118_1_wrapper\" data-source=\"gallery\" style=\"visibility:hidden;background:transparent;padding:0;margin:0px auto;margin-top:0;margin-bottom:0;\">\n\t\t\t\t<rs-module id=\"rev_slider_118_1\" style=\"\" data-version=\"6.7.23\">\n\t\t\t\t\t<rs-slides style=\"overflow: hidden; position: absolute;\">\n\t\t\t\t\t\t<rs-slide style=\"position: absolute;\" data-key=\"rs-469\" data-title=\"Slide\" data-thumb=\"\/\/www.cfmotoschweiz.ch\/wp-content\/uploads\/revslider\/800MT-X-ESTERNE\/800MT-X_Outdoor_66-scaled-50x100.jpg\" data-in=\"o:0;\" data-out=\"a:false;\">\n\t\t\t\t\t\t\t<img decoding=\"async\" src=\"\/\/www.cfmotoschweiz.ch\/wp-content\/plugins\/revslider\/sr6\/assets\/assets\/dummy.png\" alt=\"\" title=\"800MT-X_Outdoor_66-scaled.jpg\" width=\"2560\" height=\"1707\" class=\"rev-slidebg tp-rs-img rs-lazyload\" data-lazyload=\"\/\/www.cfmotoschweiz.ch\/wp-content\/uploads\/revslider\/800MT-X-ESTERNE\/800MT-X_Outdoor_66-scaled.jpg\" data-bg=\"p:60% 0%;\" data-no-retina>\n<!---->\t\t\t\t\t<\/rs-slide>\n\t\t\t\t\t\t<rs-slide style=\"position: absolute;\" data-key=\"rs-470\" data-title=\"Slide\" data-thumb=\"\/\/www.cfmotoschweiz.ch\/wp-content\/uploads\/revslider\/800MT-X-ESTERNE\/800MT-X_Outdoor_2-scaled-50x100.jpg\" data-in=\"o:0;\" data-out=\"a:false;\">\n\t\t\t\t\t\t\t<img decoding=\"async\" src=\"\/\/www.cfmotoschweiz.ch\/wp-content\/plugins\/revslider\/sr6\/assets\/assets\/dummy.png\" alt=\"\" title=\"800MT-X_Outdoor_2-scaled.jpg\" width=\"2560\" height=\"1707\" class=\"rev-slidebg tp-rs-img rs-lazyload\" data-lazyload=\"\/\/www.cfmotoschweiz.ch\/wp-content\/uploads\/revslider\/800MT-X-ESTERNE\/800MT-X_Outdoor_2-scaled.jpg\" data-no-retina>\n<!---->\t\t\t\t\t<\/rs-slide>\n\t\t\t\t\t\t<rs-slide style=\"position: absolute;\" data-key=\"rs-471\" data-title=\"Slide\" data-thumb=\"\/\/www.cfmotoschweiz.ch\/wp-content\/uploads\/revslider\/800MT-X-ESTERNE\/800MT-X_Outdoor_18-scaled-50x100.jpg\" data-in=\"o:0;\" data-out=\"a:false;\">\n\t\t\t\t\t\t\t<img decoding=\"async\" src=\"\/\/www.cfmotoschweiz.ch\/wp-content\/plugins\/revslider\/sr6\/assets\/assets\/dummy.png\" alt=\"\" title=\"800MT-X_Outdoor_18-scaled.jpg\" width=\"2560\" height=\"1707\" class=\"rev-slidebg tp-rs-img rs-lazyload\" data-lazyload=\"\/\/www.cfmotoschweiz.ch\/wp-content\/uploads\/revslider\/800MT-X-ESTERNE\/800MT-X_Outdoor_18-scaled.jpg\" data-no-retina>\n<!---->\t\t\t\t\t<\/rs-slide>\n\t\t\t\t\t\t<rs-slide style=\"position: absolute;\" data-key=\"rs-472\" data-title=\"Slide\" data-thumb=\"\/\/www.cfmotoschweiz.ch\/wp-content\/uploads\/revslider\/800MT-X-ESTERNE\/800MT-X_Outdoor_57-scaled-50x100.jpg\" data-in=\"o:0;\" data-out=\"a:false;\">\n\t\t\t\t\t\t\t<img decoding=\"async\" src=\"\/\/www.cfmotoschweiz.ch\/wp-content\/plugins\/revslider\/sr6\/assets\/assets\/dummy.png\" alt=\"\" title=\"800MT-X_Outdoor_57-scaled.jpg\" width=\"2560\" height=\"1707\" class=\"rev-slidebg tp-rs-img rs-lazyload\" data-lazyload=\"\/\/www.cfmotoschweiz.ch\/wp-content\/uploads\/revslider\/800MT-X-ESTERNE\/800MT-X_Outdoor_57-scaled.jpg\" data-no-retina>\n<!---->\t\t\t\t\t<\/rs-slide>\n\t\t\t\t\t\t<rs-slide style=\"position: absolute;\" data-key=\"rs-473\" data-title=\"Slide\" data-thumb=\"\/\/www.cfmotoschweiz.ch\/wp-content\/uploads\/revslider\/800MT-X-ESTERNE\/800MT-X_Outdoor_76-scaled-50x100.jpg\" data-in=\"o:0;\" data-out=\"a:false;\">\n\t\t\t\t\t\t\t<img decoding=\"async\" src=\"\/\/www.cfmotoschweiz.ch\/wp-content\/plugins\/revslider\/sr6\/assets\/assets\/dummy.png\" alt=\"\" title=\"800MT-X_Outdoor_76-scaled.jpg\" width=\"2560\" height=\"1707\" class=\"rev-slidebg tp-rs-img rs-lazyload\" data-lazyload=\"\/\/www.cfmotoschweiz.ch\/wp-content\/uploads\/revslider\/800MT-X-ESTERNE\/800MT-X_Outdoor_76-scaled.jpg\" data-no-retina>\n<!---->\t\t\t\t\t<\/rs-slide>\n\t\t\t\t\t<\/rs-slides>\n\t\t\t\t<\/rs-module>\n\t\t\t\t<script>\n\t\t\t\t\tsetREVStartSize({c: 'rev_slider_118_1',rl:[1240,1024,778,480],el:[600],gw:[400],gh:[600],type:'carousel',justify:'',layout:'fullwidth',mh:\"0\"});if (window.RS_MODULES!==undefined && window.RS_MODULES.modules!==undefined && window.RS_MODULES.modules[\"revslider1181\"]!==undefined) {window.RS_MODULES.modules[\"revslider1181\"].once = false;window.revapi118 = undefined;if (window.RS_MODULES.checkMinimal!==undefined) window.RS_MODULES.checkMinimal()}\n\t\t\t\t<\/script>\n\t\t\t<\/rs-module-wrap>\n\t\t\t<!-- END REVOLUTION SLIDER -->\n\t\t<\/div>\n\t<\/div>\n<\/div><\/div>[\/vc_column_inner][\/vc_row_inner][\/vc_column][\/vc_row][vc_row content_placement=&#8221;middle&#8221; row_content_width=&#8221;grid&#8221; disable_background_image=&#8221;1024&#8243;][vc_column]<div class=\"mkdf-elements-holder   mkdf-two-columns  mkdf-responsive-mode-768 \" ><div class=\"mkdf-eh-item 360gallery   \"  data-item-class=\"mkdf-eh-custom-2168\" data-681-768=\"10px 10px 10px 10px\" data-680=\"10px 0px 10px 0px\">\n\t<div class=\"mkdf-eh-item-inner\">\n\t\t<div class=\"mkdf-eh-item-content mkdf-eh-custom-2168\" style=\"padding: 60px 50px 60px 0px\">\n\t\t\t<div class=\"mkdf-section-title-holder    mkdf-has-appear-animation\" >\n\t<div class=\"mkdf-st-inner\">\n\t\t\t<span class=\"mkdf-st-tagline\" style=\"color: #499baf\">\n\t\t\tFaites un tour\t\t<\/span>\n\t\t\t\t\t\t<h2 class=\"mkdf-st-title\" style=\"color: #434545\">\n\t\t\t\t\t\t\t\t\tD\u00c9COUVREZ VOTRE 800MT-X \u00c0<br \/> 360 DEGR\u00c9S\t\t\t\t\t\t\t<\/h2>\n\t\t\t\t\t\t\t<\/div>\n<\/div><div class=\"mkdf-image-gallery  mkdf-ig-slider-type mkdf-three-columns mkdf-no-space  mkdf-image-behavior-lightbox mkdf-light-skin\">\n\t<div class=\"mkdf-ig-slider mkdf-owl-slider\" data-number-of-items=\"1\" data-slider-padding=\"no\" data-enable-navigation=\"yes\" data-enable-pagination=\"no\" data-enable-loop=\"yes\" data-enable-autoplay=\"yes\" data-slider-speed=\"5000\" data-slider-speed-animation=\"600\">\n\t\t\t\t\t<div class=\"mkdf-ig-image\">\n\t\t\t\t\t\t\t\t\t<a itemprop=\"image\" class=\"mkdf-ig-lightbox mkdf-block-drag-link\" href=\"https:\/\/www.cfmotoschweiz.ch\/wp-content\/uploads\/2025\/07\/DSC4371-scaled.jpg\" data-rel=\"prettyPhoto[image_gallery_pretty_photo-7]\" title=\"_DSC4371\">\n\t\t\t\t\t\t\t\t\t<img loading=\"lazy\" decoding=\"async\" width=\"2560\" height=\"1707\" src=\"https:\/\/www.cfmotoschweiz.ch\/wp-content\/uploads\/2025\/07\/DSC4371-scaled.jpg\" class=\"attachment-full size-full\" alt=\"\" srcset=\"https:\/\/www.cfmotoschweiz.ch\/wp-content\/uploads\/2025\/07\/DSC4371-scaled.jpg 2560w, https:\/\/www.cfmotoschweiz.ch\/wp-content\/uploads\/2025\/07\/DSC4371-300x200.jpg 300w, https:\/\/www.cfmotoschweiz.ch\/wp-content\/uploads\/2025\/07\/DSC4371-1024x683.jpg 1024w, https:\/\/www.cfmotoschweiz.ch\/wp-content\/uploads\/2025\/07\/DSC4371-768x512.jpg 768w, https:\/\/www.cfmotoschweiz.ch\/wp-content\/uploads\/2025\/07\/DSC4371-1536x1024.jpg 1536w, https:\/\/www.cfmotoschweiz.ch\/wp-content\/uploads\/2025\/07\/DSC4371-600x400.jpg 600w\" sizes=\"auto, (max-width: 2560px) 100vw, 2560px\" \/>\t\t\t\t\t\t\t\t\t<\/a>\n\t\t\t\t\t\t\t<\/div>\n\t\t\t\t\t<div class=\"mkdf-ig-image\">\n\t\t\t\t\t\t\t\t\t<a itemprop=\"image\" class=\"mkdf-ig-lightbox mkdf-block-drag-link\" href=\"https:\/\/www.cfmotoschweiz.ch\/wp-content\/uploads\/2025\/07\/DSC4375-scaled.jpg\" data-rel=\"prettyPhoto[image_gallery_pretty_photo-7]\" title=\"_DSC4375\">\n\t\t\t\t\t\t\t\t\t<img loading=\"lazy\" decoding=\"async\" width=\"2560\" height=\"1707\" src=\"https:\/\/www.cfmotoschweiz.ch\/wp-content\/uploads\/2025\/07\/DSC4375-scaled.jpg\" class=\"attachment-full size-full\" alt=\"\" srcset=\"https:\/\/www.cfmotoschweiz.ch\/wp-content\/uploads\/2025\/07\/DSC4375-scaled.jpg 2560w, https:\/\/www.cfmotoschweiz.ch\/wp-content\/uploads\/2025\/07\/DSC4375-300x200.jpg 300w, https:\/\/www.cfmotoschweiz.ch\/wp-content\/uploads\/2025\/07\/DSC4375-1024x683.jpg 1024w, https:\/\/www.cfmotoschweiz.ch\/wp-content\/uploads\/2025\/07\/DSC4375-768x512.jpg 768w, https:\/\/www.cfmotoschweiz.ch\/wp-content\/uploads\/2025\/07\/DSC4375-1536x1024.jpg 1536w, https:\/\/www.cfmotoschweiz.ch\/wp-content\/uploads\/2025\/07\/DSC4375-600x400.jpg 600w\" sizes=\"auto, (max-width: 2560px) 100vw, 2560px\" \/>\t\t\t\t\t\t\t\t\t<\/a>\n\t\t\t\t\t\t\t<\/div>\n\t\t\t\t\t<div class=\"mkdf-ig-image\">\n\t\t\t\t\t\t\t\t\t<a itemprop=\"image\" class=\"mkdf-ig-lightbox mkdf-block-drag-link\" href=\"https:\/\/www.cfmotoschweiz.ch\/wp-content\/uploads\/2025\/07\/DSC4376-scaled.jpg\" data-rel=\"prettyPhoto[image_gallery_pretty_photo-7]\" title=\"_DSC4376\">\n\t\t\t\t\t\t\t\t\t<img loading=\"lazy\" decoding=\"async\" width=\"2560\" height=\"1707\" src=\"https:\/\/www.cfmotoschweiz.ch\/wp-content\/uploads\/2025\/07\/DSC4376-scaled.jpg\" class=\"attachment-full size-full\" alt=\"\" srcset=\"https:\/\/www.cfmotoschweiz.ch\/wp-content\/uploads\/2025\/07\/DSC4376-scaled.jpg 2560w, https:\/\/www.cfmotoschweiz.ch\/wp-content\/uploads\/2025\/07\/DSC4376-300x200.jpg 300w, https:\/\/www.cfmotoschweiz.ch\/wp-content\/uploads\/2025\/07\/DSC4376-1024x683.jpg 1024w, https:\/\/www.cfmotoschweiz.ch\/wp-content\/uploads\/2025\/07\/DSC4376-768x512.jpg 768w, https:\/\/www.cfmotoschweiz.ch\/wp-content\/uploads\/2025\/07\/DSC4376-1536x1024.jpg 1536w, https:\/\/www.cfmotoschweiz.ch\/wp-content\/uploads\/2025\/07\/DSC4376-600x400.jpg 600w\" sizes=\"auto, (max-width: 2560px) 100vw, 2560px\" \/>\t\t\t\t\t\t\t\t\t<\/a>\n\t\t\t\t\t\t\t<\/div>\n\t\t\t\t\t<div class=\"mkdf-ig-image\">\n\t\t\t\t\t\t\t\t\t<a itemprop=\"image\" class=\"mkdf-ig-lightbox mkdf-block-drag-link\" href=\"https:\/\/www.cfmotoschweiz.ch\/wp-content\/uploads\/2025\/07\/DSC4379-scaled.jpg\" data-rel=\"prettyPhoto[image_gallery_pretty_photo-7]\" title=\"_DSC4379\">\n\t\t\t\t\t\t\t\t\t<img loading=\"lazy\" decoding=\"async\" width=\"2560\" height=\"1707\" src=\"https:\/\/www.cfmotoschweiz.ch\/wp-content\/uploads\/2025\/07\/DSC4379-scaled.jpg\" class=\"attachment-full size-full\" alt=\"\" srcset=\"https:\/\/www.cfmotoschweiz.ch\/wp-content\/uploads\/2025\/07\/DSC4379-scaled.jpg 2560w, https:\/\/www.cfmotoschweiz.ch\/wp-content\/uploads\/2025\/07\/DSC4379-300x200.jpg 300w, https:\/\/www.cfmotoschweiz.ch\/wp-content\/uploads\/2025\/07\/DSC4379-1024x683.jpg 1024w, https:\/\/www.cfmotoschweiz.ch\/wp-content\/uploads\/2025\/07\/DSC4379-768x512.jpg 768w, https:\/\/www.cfmotoschweiz.ch\/wp-content\/uploads\/2025\/07\/DSC4379-1536x1024.jpg 1536w, https:\/\/www.cfmotoschweiz.ch\/wp-content\/uploads\/2025\/07\/DSC4379-600x400.jpg 600w\" sizes=\"auto, (max-width: 2560px) 100vw, 2560px\" \/>\t\t\t\t\t\t\t\t\t<\/a>\n\t\t\t\t\t\t\t<\/div>\n\t\t\t\t\t<div class=\"mkdf-ig-image\">\n\t\t\t\t\t\t\t\t\t<a itemprop=\"image\" class=\"mkdf-ig-lightbox mkdf-block-drag-link\" href=\"https:\/\/www.cfmotoschweiz.ch\/wp-content\/uploads\/2025\/07\/DSC4385-scaled.jpg\" data-rel=\"prettyPhoto[image_gallery_pretty_photo-7]\" title=\"_DSC4385\">\n\t\t\t\t\t\t\t\t\t<img loading=\"lazy\" decoding=\"async\" width=\"2560\" height=\"1707\" src=\"https:\/\/www.cfmotoschweiz.ch\/wp-content\/uploads\/2025\/07\/DSC4385-scaled.jpg\" class=\"attachment-full size-full\" alt=\"\" srcset=\"https:\/\/www.cfmotoschweiz.ch\/wp-content\/uploads\/2025\/07\/DSC4385-scaled.jpg 2560w, https:\/\/www.cfmotoschweiz.ch\/wp-content\/uploads\/2025\/07\/DSC4385-300x200.jpg 300w, https:\/\/www.cfmotoschweiz.ch\/wp-content\/uploads\/2025\/07\/DSC4385-1024x683.jpg 1024w, https:\/\/www.cfmotoschweiz.ch\/wp-content\/uploads\/2025\/07\/DSC4385-768x512.jpg 768w, https:\/\/www.cfmotoschweiz.ch\/wp-content\/uploads\/2025\/07\/DSC4385-1536x1024.jpg 1536w, https:\/\/www.cfmotoschweiz.ch\/wp-content\/uploads\/2025\/07\/DSC4385-600x400.jpg 600w\" sizes=\"auto, (max-width: 2560px) 100vw, 2560px\" \/>\t\t\t\t\t\t\t\t\t<\/a>\n\t\t\t\t\t\t\t<\/div>\n\t\t\t\t\t<div class=\"mkdf-ig-image\">\n\t\t\t\t\t\t\t\t\t<a itemprop=\"image\" class=\"mkdf-ig-lightbox mkdf-block-drag-link\" href=\"https:\/\/www.cfmotoschweiz.ch\/wp-content\/uploads\/2025\/07\/DSC4387-scaled.jpg\" data-rel=\"prettyPhoto[image_gallery_pretty_photo-7]\" title=\"_DSC4387\">\n\t\t\t\t\t\t\t\t\t<img loading=\"lazy\" decoding=\"async\" width=\"2560\" height=\"1707\" src=\"https:\/\/www.cfmotoschweiz.ch\/wp-content\/uploads\/2025\/07\/DSC4387-scaled.jpg\" class=\"attachment-full size-full\" alt=\"\" srcset=\"https:\/\/www.cfmotoschweiz.ch\/wp-content\/uploads\/2025\/07\/DSC4387-scaled.jpg 2560w, https:\/\/www.cfmotoschweiz.ch\/wp-content\/uploads\/2025\/07\/DSC4387-300x200.jpg 300w, https:\/\/www.cfmotoschweiz.ch\/wp-content\/uploads\/2025\/07\/DSC4387-1024x683.jpg 1024w, https:\/\/www.cfmotoschweiz.ch\/wp-content\/uploads\/2025\/07\/DSC4387-768x512.jpg 768w, https:\/\/www.cfmotoschweiz.ch\/wp-content\/uploads\/2025\/07\/DSC4387-1536x1024.jpg 1536w, https:\/\/www.cfmotoschweiz.ch\/wp-content\/uploads\/2025\/07\/DSC4387-600x400.jpg 600w\" sizes=\"auto, (max-width: 2560px) 100vw, 2560px\" \/>\t\t\t\t\t\t\t\t\t<\/a>\n\t\t\t\t\t\t\t<\/div>\n\t\t\t\t\t<div class=\"mkdf-ig-image\">\n\t\t\t\t\t\t\t\t\t<a itemprop=\"image\" class=\"mkdf-ig-lightbox mkdf-block-drag-link\" href=\"https:\/\/www.cfmotoschweiz.ch\/wp-content\/uploads\/2025\/07\/DSC4388-scaled.jpg\" data-rel=\"prettyPhoto[image_gallery_pretty_photo-7]\" title=\"_DSC4388\">\n\t\t\t\t\t\t\t\t\t<img loading=\"lazy\" decoding=\"async\" width=\"2560\" height=\"1707\" src=\"https:\/\/www.cfmotoschweiz.ch\/wp-content\/uploads\/2025\/07\/DSC4388-scaled.jpg\" class=\"attachment-full size-full\" alt=\"\" srcset=\"https:\/\/www.cfmotoschweiz.ch\/wp-content\/uploads\/2025\/07\/DSC4388-scaled.jpg 2560w, https:\/\/www.cfmotoschweiz.ch\/wp-content\/uploads\/2025\/07\/DSC4388-300x200.jpg 300w, https:\/\/www.cfmotoschweiz.ch\/wp-content\/uploads\/2025\/07\/DSC4388-1024x683.jpg 1024w, https:\/\/www.cfmotoschweiz.ch\/wp-content\/uploads\/2025\/07\/DSC4388-768x512.jpg 768w, https:\/\/www.cfmotoschweiz.ch\/wp-content\/uploads\/2025\/07\/DSC4388-1536x1024.jpg 1536w, https:\/\/www.cfmotoschweiz.ch\/wp-content\/uploads\/2025\/07\/DSC4388-600x400.jpg 600w\" sizes=\"auto, (max-width: 2560px) 100vw, 2560px\" \/>\t\t\t\t\t\t\t\t\t<\/a>\n\t\t\t\t\t\t\t<\/div>\n\t\t\t\t\t<div class=\"mkdf-ig-image\">\n\t\t\t\t\t\t\t\t\t<a itemprop=\"image\" class=\"mkdf-ig-lightbox mkdf-block-drag-link\" href=\"https:\/\/www.cfmotoschweiz.ch\/wp-content\/uploads\/2025\/07\/DSC4390-scaled.jpg\" data-rel=\"prettyPhoto[image_gallery_pretty_photo-7]\" title=\"_DSC4390\">\n\t\t\t\t\t\t\t\t\t<img loading=\"lazy\" decoding=\"async\" width=\"2560\" height=\"1707\" src=\"https:\/\/www.cfmotoschweiz.ch\/wp-content\/uploads\/2025\/07\/DSC4390-scaled.jpg\" class=\"attachment-full size-full\" alt=\"\" srcset=\"https:\/\/www.cfmotoschweiz.ch\/wp-content\/uploads\/2025\/07\/DSC4390-scaled.jpg 2560w, https:\/\/www.cfmotoschweiz.ch\/wp-content\/uploads\/2025\/07\/DSC4390-300x200.jpg 300w, https:\/\/www.cfmotoschweiz.ch\/wp-content\/uploads\/2025\/07\/DSC4390-1024x683.jpg 1024w, https:\/\/www.cfmotoschweiz.ch\/wp-content\/uploads\/2025\/07\/DSC4390-768x512.jpg 768w, https:\/\/www.cfmotoschweiz.ch\/wp-content\/uploads\/2025\/07\/DSC4390-1536x1024.jpg 1536w, https:\/\/www.cfmotoschweiz.ch\/wp-content\/uploads\/2025\/07\/DSC4390-600x400.jpg 600w\" sizes=\"auto, (max-width: 2560px) 100vw, 2560px\" \/>\t\t\t\t\t\t\t\t\t<\/a>\n\t\t\t\t\t\t\t<\/div>\n\t\t\t<\/div>\n<\/div>\t\t<\/div>\n\t<\/div>\n<\/div><div class=\"mkdf-eh-item  mkdf-vertical-alignment-top  \"  data-item-class=\"mkdf-eh-custom-1274\" data-681-768=\"10px 10px 10px 10px\" data-680=\"10px 0px 30px 0px\">\n\t<div class=\"mkdf-eh-item-inner\">\n\t\t<div class=\"mkdf-eh-item-content mkdf-eh-custom-1274\" style=\"padding: 60px 0px 60px 30px\">\n\t\t\t<div class=\"mkdf-section-title-holder    mkdf-has-appear-animation\" >\n\t<div class=\"mkdf-st-inner\">\n\t\t\t<span class=\"mkdf-st-tagline\" style=\"color: #499baf\">\n\t\t\tCARACT\u00c9RISTIQUES\t\t<\/span>\n\t\t\t\t\t\t<h2 class=\"mkdf-st-title\" style=\"color: #434545\">\n\t\t\t\t\t\t\t\t\tCARACT\u00c9RISTIQUES<br \/> TECHNIQUES 800MT-X\t\t\t\t\t\t\t<\/h2>\n\t\t\t\t\t\t\t<\/div>\n<\/div>[vc_empty_space]<div class=\"mkdf-accordion-holder mkdf-ac-default accordion-faq mkdf-accordion mkdf-ac-boxed  clearfix\">\n\t<h5 class=\"mkdf-accordion-title\">\n    <span class=\"mkdf-accordion-mark\">\n\t\t<span class=\"mkdf_icon_plus icon_plus\"><\/span>\n\t\t<span class=\"mkdf_icon_minus icon_minus-06\"><\/span>\n\t<\/span>\n\t<span class=\"mkdf-tab-title\">MOTEUR<\/span>\n<\/h5>\n<div class=\"mkdf-accordion-content\">\n\t<div class=\"mkdf-accordion-content-inner\">\n\t\t[vc_column_text]<\/p>\n<table style=\"width: 100%; border: none;\">\n<tbody>\n<tr>\n<td class=\"name-spech\" style=\"text-align: left;\">Cycle moteur<\/td>\n<td class=\"spech\" style=\"text-align: left;\">Bicylindre 4 temps<\/td>\n<\/tr>\n<tr>\n<td class=\"name-spech\" style=\"text-align: left;\">Marque Type de moteur<\/td>\n<td class=\"spech\" style=\"text-align: left;\">CFMOTO 288MW<\/td>\n<\/tr>\n<tr>\n<td class=\"name-spech\" style=\"text-align: left;\">Refroidissement<\/td>\n<td class=\"spech\" style=\"text-align: left;\">Liquide<\/td>\n<\/tr>\n<tr>\n<td class=\"name-spech\" style=\"text-align: left;\">Cylindr\u00e9e<\/td>\n<td class=\"spech\" style=\"text-align: left;\">799cc<\/td>\n<\/tr>\n<tr>\n<td class=\"name-spech\" style=\"text-align: left;\">Max. Puissance<\/td>\n<td class=\"spech\" style=\"text-align: left;\">67 kW (91,2 ch) \u00e0 8 250 min-1<\/td>\n<\/tr>\n<tr>\n<td class=\"name-spech\" style=\"text-align: left;\">Contr\u00f4le du temps<\/td>\n<td class=\"spech\" style=\"text-align: left;\">Double arbre \u00e0 cames en t\u00eate (DOHC) &#8211; 4 soupapes<\/td>\n<\/tr>\n<tr>\n<td class=\"name-spech\" style=\"text-align: left;\">Bo\u00eete de vitesses<\/td>\n<td class=\"spech\" style=\"text-align: left;\">6 vitesses<\/td>\n<\/tr>\n<\/tbody>\n<\/table>\n<p>[\/vc_column_text]\t<\/div>\n<\/div><h5 class=\"mkdf-accordion-title\">\n    <span class=\"mkdf-accordion-mark\">\n\t\t<span class=\"mkdf_icon_plus icon_plus\"><\/span>\n\t\t<span class=\"mkdf_icon_minus icon_minus-06\"><\/span>\n\t<\/span>\n\t<span class=\"mkdf-tab-title\">FAIRE DU V\u00c9LO<\/span>\n<\/h5>\n<div class=\"mkdf-accordion-content\">\n\t<div class=\"mkdf-accordion-content-inner\">\n\t\t[vc_column_text]<\/p>\n<table style=\"width: 100%; border: none;\">\n<tbody>\n<tr>\n<td class=\"name-spech\" style=\"text-align: left;\">Cadre<\/td>\n<td class=\"spech\" style=\"text-align: left;\">Tubes en acier \u00e0 haute r\u00e9sistance<\/td>\n<\/tr>\n<tr>\n<td class=\"name-spech\" style=\"text-align: left;\">Suspecte. Avant<\/td>\n<td class=\"spech\" style=\"text-align: left;\">\n<div class=\"page\" title=\"Page 1\">\n<div class=\"section\">\n<div class=\"layoutArea\">\n<div class=\"column\">\n<div class=\"page\" title=\"Page 8\">\n<div class=\"section\">\n<div class=\"layoutArea\">\n<div class=\"column\">\n<p>\u00d8 48 mm avec fourches invers\u00e9es, r\u00e9glables en pr\u00e9charge et en hydraulique<\/p>\n<\/div>\n<\/div>\n<\/div>\n<\/div>\n<\/div>\n<\/div>\n<\/div>\n<\/div>\n<\/td>\n<\/tr>\n<tr>\n<td class=\"name-spech\" style=\"text-align: left;\">la suspension. Arri\u00e8re<\/td>\n<td class=\"spech\" style=\"text-align: left;\">\n<div class=\"page\" title=\"Page 1\">\n<div class=\"section\">\n<div class=\"layoutArea\">\n<div class=\"column\">\n<div class=\"page\" title=\"Page 8\">\n<div class=\"section\">\n<div class=\"layoutArea\">\n<div class=\"column\">\n<p>Pr\u00e9charge et amortisseur individuel r\u00e9glable hydrauliquement<\/p>\n<\/div>\n<\/div>\n<\/div>\n<\/div>\n<\/div>\n<\/div>\n<\/div>\n<\/div>\n<\/td>\n<\/tr>\n<tr>\n<td class=\"name-spech\" style=\"text-align: left;\">Freins<\/td>\n<td class=\"spech\" style=\"text-align: left;\">\n<div class=\"page\" title=\"Page 1\">\n<div class=\"section\">\n<div class=\"layoutArea\">\n<div class=\"column\">\n<div class=\"page\" title=\"Page 8\">\n<div class=\"section\">\n<div class=\"layoutArea\">\n<div class=\"column\">\n<p>Syst\u00e8me ABS \u00e0 deux canaux<br \/>\nAvant \u00d8320 mm double disque avec \u00e9triers radiaux<br \/>\nArri\u00e8re \u00d8260 mm disque<\/p>\n<\/div>\n<\/div>\n<\/div>\n<\/div>\n<\/div>\n<\/div>\n<\/div>\n<\/div>\n<\/td>\n<\/tr>\n<tr>\n<td class=\"name-spech\" style=\"text-align: left;\">Pneus<\/td>\n<td class=\"spech\" style=\"text-align: left;\">\n<div class=\"page\" title=\"Page 1\">\n<div class=\"section\">\n<div class=\"layoutArea\">\n<div class=\"column\">\n<div class=\"page\" title=\"Page 8\">\n<div class=\"section\">\n<div class=\"layoutArea\">\n<div class=\"column\">\n<div class=\"page\" title=\"Page 1\">\n<div class=\"section\">\n<div class=\"layoutArea\">\n<div class=\"column\">\n<p>Avant 90\/90-21 M\/C Arri\u00e8re 150\/70 R18 M\/C<\/p>\n<\/div>\n<\/div>\n<\/div>\n<\/div>\n<\/div>\n<\/div>\n<\/div>\n<\/div>\n<\/div>\n<\/div>\n<\/div>\n<\/div>\n<\/td>\n<\/tr>\n<\/tbody>\n<\/table>\n<p>[\/vc_column_text]\t<\/div>\n<\/div><h5 class=\"mkdf-accordion-title\">\n    <span class=\"mkdf-accordion-mark\">\n\t\t<span class=\"mkdf_icon_plus icon_plus\"><\/span>\n\t\t<span class=\"mkdf_icon_minus icon_minus-06\"><\/span>\n\t<\/span>\n\t<span class=\"mkdf-tab-title\">DIMENSIONS<\/span>\n<\/h5>\n<div class=\"mkdf-accordion-content\">\n\t<div class=\"mkdf-accordion-content-inner\">\n\t\t[vc_column_text]<\/p>\n<table style=\"width: 100%; border: none;\">\n<tbody>\n<tr>\n<td class=\"name-spech\" style=\"text-align: left;\">Dimensions<\/td>\n<td class=\"spech\" style=\"text-align: left;\">\n<div class=\"page\" title=\"Page 1\">\n<div class=\"section\">\n<div class=\"layoutArea\">\n<div class=\"column\">\n<div class=\"page\" title=\"Page 8\">\n<div class=\"section\">\n<div class=\"layoutArea\">\n<div class=\"column\">\n<div class=\"page\" title=\"Page 1\">\n<div class=\"section\">\n<div class=\"layoutArea\">\n<div class=\"column\">\n<p>2.288 x 945 x 1.476 mm<\/p>\n<\/div>\n<\/div>\n<\/div>\n<\/div>\n<\/div>\n<\/div>\n<\/div>\n<\/div>\n<\/div>\n<\/div>\n<\/div>\n<\/div>\n<\/td>\n<\/tr>\n<tr>\n<td class=\"name-spech\" style=\"text-align: left;\">Empattement charg\u00e9<\/td>\n<td class=\"spech\" style=\"text-align: left;\">\n<div class=\"page\" title=\"Page 8\">\n<div class=\"section\">\n<div class=\"layoutArea\">\n<div class=\"column\">\n<p>1.530 mm<\/p>\n<\/div>\n<\/div>\n<\/div>\n<\/div>\n<\/td>\n<\/tr>\n<tr>\n<td class=\"name-spech\" style=\"text-align: left;\">Hauteur de la selle<\/td>\n<td class=\"spech\" style=\"text-align: left;\">870 mm<\/td>\n<\/tr>\n<tr>\n<td class=\"name-spech\" style=\"text-align: left;\">Masse \u00e0 vide<\/td>\n<td class=\"spech\" style=\"text-align: left;\">205 kg<\/td>\n<\/tr>\n<tr>\n<td class=\"name-spech\" style=\"text-align: left;\">R\u00e9servoir de carburant<\/td>\n<td class=\"spech\" style=\"text-align: left;\">22,5 litres<\/td>\n<\/tr>\n<\/tbody>\n<\/table>\n<p>[\/vc_column_text]\t<\/div>\n<\/div><h5 class=\"mkdf-accordion-title\">\n    <span class=\"mkdf-accordion-mark\">\n\t\t<span class=\"mkdf_icon_plus icon_plus\"><\/span>\n\t\t<span class=\"mkdf_icon_minus icon_minus-06\"><\/span>\n\t<\/span>\n\t<span class=\"mkdf-tab-title\">PERFORMANCES<\/span>\n<\/h5>\n<div class=\"mkdf-accordion-content\">\n\t<div class=\"mkdf-accordion-content-inner\">\n\t\t[vc_column_text]<\/p>\n<table style=\"width: 100%; border: none;\">\n<tbody>\n<tr>\n<td class=\"name-spech\" style=\"text-align: left;\">Max. Vitesse<\/td>\n<td class=\"spech\" style=\"text-align: left;\">192 km\/h<\/td>\n<\/tr>\n<tr>\n<td class=\"name-spech\" style=\"text-align: left;\">Consommation de carburant<\/td>\n<td class=\"spech\" style=\"text-align: left;\">21,7 km\/l (*)<\/td>\n<\/tr>\n<\/tbody>\n<\/table>\n<p>[\/vc_column_text]\t<\/div>\n<\/div><h5 class=\"mkdf-accordion-title\">\n    <span class=\"mkdf-accordion-mark\">\n\t\t<span class=\"mkdf_icon_plus icon_plus\"><\/span>\n\t\t<span class=\"mkdf_icon_minus icon_minus-06\"><\/span>\n\t<\/span>\n\t<span class=\"mkdf-tab-title\">DOWNLOAD<\/span>\n<\/h5>\n<div class=\"mkdf-accordion-content\">\n\t<div class=\"mkdf-accordion-content-inner\">\n\t\t[vc_column_text css=&#8221;&#8221;]<\/p>\n<table style=\"width: 100%; border: none;\">\n<tbody>\n<tr>\n<td class=\"name-spech\" style=\"text-align: left;\">Fiche technique<\/td>\n<td class=\"spech\" style=\"text-align: left;\"><a href=\"https:\/\/www.cfmotoschweiz.ch\/wp-content\/uploads\/2025\/06\/800MT-X_EN.pdf\" target=\"_blank\" rel=\"noopener\">T\u00e9l\u00e9charger<\/a><\/td>\n<\/tr>\n<tr>\n<td class=\"name-spech\" style=\"text-align: left;\">Liste<\/td>\n<td class=\"spech\" style=\"text-align: left;\"><a href=\"https:\/\/www.cfmotoschweiz.ch\/wp-content\/uploads\/2025\/06\/CFMOTO_SWISS_Listprice.pdf\" target=\"_blank\" rel=\"noopener\">T\u00e9l\u00e9charger<\/a><\/td>\n<\/tr>\n<tr>\n<td class=\"name-spech\" style=\"text-align: left;\">Utilisation et entretien<\/td>\n<td class=\"spech\" style=\"text-align: left;\"><a href=\"https:\/\/www.cfmotoschweiz.ch\/wp-content\/uploads\/2025\/06\/800MT-X-CF800-11-11H6WWV-380101-8400-12-EU249OM-20241016.pdf\">T\u00e9l\u00e9charger<\/a><\/td>\n<\/tr>\n<\/tbody>\n<\/table>\n<p>[\/vc_column_text]\t<\/div>\n<\/div><\/div>\t\t<\/div>\n\t<\/div>\n<\/div><\/div>[\/vc_column][\/vc_row]<\/p>\n<\/div>","protected":false},"excerpt":{"rendered":"<p>[vc_row disable_element=&#8221;yes&#8221; disable_background_image=&#8221;&#8221; css=&#8221;.vc_custom_1568635243344{padding-right: 0px !important;padding-bottom: 124px !important;padding-left: 0px !important;}&#8221;][vc_column width=&#8221;1\/3&#8243; css=&#8221;.vc_custom_1568618862932{padding-right: 0px !important;padding-left: 0px !important;}&#8221;][\/vc_column][vc_column width=&#8221;1\/3&#8243; css=&#8221;.vc_custom_1568635602433{padding-right: 0px !important;padding-left: 0px !important;}&#8221;][\/vc_column][vc_column width=&#8221;1\/3&#8243; css=&#8221;.vc_custom_1568618881656{padding-right: 0px !important;padding-left: 0px !important;}&#8221;][\/vc_column][\/vc_row][vc_row row_content_width=&#8221;grid&#8221; disable_background_image=&#8221;&#8221;][vc_column][vc_empty_space height=&#8221;70px&#8221;][vc_empty_space height=&#8221;20px&#8221;][\/vc_column][\/vc_row][vc_row row_content_width=&#8221;grid&#8221; disable_background_image=&#8221;&#8221; css=&#8221;.vc_custom_1615987371481{padding-bottom: 64px !important;}&#8221;][vc_column][\/vc_column][\/vc_row][vc_row content_placement=&#8221;middle&#8221; row_content_width=&#8221;grid&#8221; disable_background_image=&#8221;1024&#8243; simple_background_image=&#8221;2721&#8243; simple_background_color=&#8221;#000000&#8243; background_image_position=&#8221;center center&#8221;][vc_column][\/vc_column][\/vc_row][vc_row content_placement=&#8221;middle&#8221; row_content_width=&#8221;grid&#8221; disable_background_image=&#8221;1024&#8243;][vc_column][\/vc_column][\/vc_row][vc_row full_height=&#8221;yes&#8221; disable_background_image=&#8221;&#8221; el_class=&#8221;mkdf-cc-bs-nav&#8221; simple_background_color=&#8221;#292c2d&#8221;][vc_column][vc_row_inner [&hellip;]<\/p>\n","protected":false},"author":4,"featured_media":0,"parent":0,"menu_order":0,"comment_status":"closed","ping_status":"closed","template":"full-width.php","meta":{"footnotes":""},"class_list":["post-13946","page","type-page","status-publish","hentry"],"_links":{"self":[{"href":"https:\/\/www.cfmotoschweiz.ch\/fr\/wp-json\/wp\/v2\/pages\/13946","targetHints":{"allow":["GET"]}}],"collection":[{"href":"https:\/\/www.cfmotoschweiz.ch\/fr\/wp-json\/wp\/v2\/pages"}],"about":[{"href":"https:\/\/www.cfmotoschweiz.ch\/fr\/wp-json\/wp\/v2\/types\/page"}],"author":[{"embeddable":true,"href":"https:\/\/www.cfmotoschweiz.ch\/fr\/wp-json\/wp\/v2\/users\/4"}],"replies":[{"embeddable":true,"href":"https:\/\/www.cfmotoschweiz.ch\/fr\/wp-json\/wp\/v2\/comments?post=13946"}],"version-history":[{"count":9,"href":"https:\/\/www.cfmotoschweiz.ch\/fr\/wp-json\/wp\/v2\/pages\/13946\/revisions"}],"predecessor-version":[{"id":14528,"href":"https:\/\/www.cfmotoschweiz.ch\/fr\/wp-json\/wp\/v2\/pages\/13946\/revisions\/14528"}],"wp:attachment":[{"href":"https:\/\/www.cfmotoschweiz.ch\/fr\/wp-json\/wp\/v2\/media?parent=13946"}],"curies":[{"name":"wp","href":"https:\/\/api.w.org\/{rel}","templated":true}]}}